{"id":29,"date":"2026-05-28T07:34:06","date_gmt":"2026-05-28T07:34:06","guid":{"rendered":"https:\/\/projekti.imi.hr\/fetalexpo\/?page_id=29"},"modified":"2026-07-24T10:14:32","modified_gmt":"2026-07-24T10:14:32","slug":"popularizacija-znanosti","status":"publish","type":"page","link":"https:\/\/projekti.imi.hr\/fetalexpo\/popularizacija-znanosti\/","title":{"rendered":"Popularizacija znanosti"},"content":{"rendered":"\t\t<div data-elementor-type=\"wp-page\" data-elementor-id=\"29\" class=\"elementor elementor-29\">\n\t\t\t\t<div class=\"elementor-element elementor-element-a9e18c4 e-flex e-con-boxed e-con e-parent\" data-id=\"a9e18c4\" data-element_type=\"container\" data-e-type=\"container\">\n\t\t\t\t\t<div class=\"e-con-inner\">\n\t\t\t\t<div class=\"elementor-element elementor-element-02a4c94 elementor-widget elementor-widget-text-editor\" data-id=\"02a4c94\" data-element_type=\"widget\" data-e-type=\"widget\" data-widget_type=\"text-editor.default\">\n\t\t\t\t\t\t\t\t\t<p>Predstavljen projekt FetalExpo na 7.&nbsp;<a href=\"https:\/\/wise.pmf.unizg.hr\/#home\" target=\"_blank\">WorkIn\u2019 Science &#8211; WISe, Danu karijera<\/a>&nbsp;na Prirodoslovno-matemati\u010dkom fakultetu Sveu\u010dili\u0161ta u Zagrebu, 11. o\u017eujka 2026. godine (letak)<\/p>\t\t\t\t\t\t\t\t<\/div>\n\t\t\t\t<div class=\"elementor-element elementor-element-3fa4804 elementor-widget elementor-widget-image\" data-id=\"3fa4804\" data-element_type=\"widget\" data-e-type=\"widget\" data-widget_type=\"image.default\">\n\t\t\t\t\t\t\t\t\t\t\t\t\t\t\t\t<a href=\"http:\/\/projekti.imi.hr\/fetalexpo\/wp-content\/uploads\/sites\/12\/2026\/07\/Letak-za-studente_WiSe_2026.pdf\">\n\t\t\t\t\t\t\t<img fetchpriority=\"high\" decoding=\"async\" width=\"768\" height=\"1024\" src=\"https:\/\/projekti.imi.hr\/fetalexpo\/wp-content\/uploads\/sites\/12\/2026\/07\/Promocija-na-Wise-768x1024.jpg\" class=\"attachment-large size-large wp-image-528\" alt=\"\" srcset=\"https:\/\/projekti.imi.hr\/fetalexpo\/wp-content\/uploads\/sites\/12\/2026\/07\/Promocija-na-Wise-768x1024.jpg 768w, https:\/\/projekti.imi.hr\/fetalexpo\/wp-content\/uploads\/sites\/12\/2026\/07\/Promocija-na-Wise-225x300.jpg 225w, https:\/\/projekti.imi.hr\/fetalexpo\/wp-content\/uploads\/sites\/12\/2026\/07\/Promocija-na-Wise-1152x1536.jpg 1152w, https:\/\/projekti.imi.hr\/fetalexpo\/wp-content\/uploads\/sites\/12\/2026\/07\/Promocija-na-Wise.jpg 1417w\" sizes=\"(max-width: 768px) 100vw, 768px\" \/>\t\t\t\t\t\t\t\t<\/a>\n\t\t\t\t\t\t\t\t\t\t\t\t\t\t\t<\/div>\n\t\t\t\t<div class=\"elementor-element elementor-element-caa9496 elementor-widget elementor-widget-heading\" data-id=\"caa9496\" data-element_type=\"widget\" data-e-type=\"widget\" data-widget_type=\"heading.default\">\n\t\t\t\t\t<h2 class=\"elementor-heading-title elementor-size-default\">Predstojnica Zavoda za medicinu rada i okoli\u0161a prim. dr. sc. Jelena Macan predstavila je projekt FetalExpo u okviru \u010dlanka <i> <a href=\"http:\/\/projekti.imi.hr\/fetalexpo\/wp-content\/uploads\/sites\/12\/2026\/07\/Doktor-u-kuci_sijecanj-2026.pdf\">Medicina u zamahu: \u0160to nas o\u010dekuje u 2026. godini<\/a><\/i> objavljenog u \u010dasopisu <i>Doktor u ku\u0107i<\/i><\/h2>\t\t\t\t<\/div>\n\t\t\t\t<div class=\"elementor-element elementor-element-e895951 elementor-widget elementor-widget-image\" data-id=\"e895951\" data-element_type=\"widget\" data-e-type=\"widget\" data-widget_type=\"image.default\">\n\t\t\t\t\t\t\t\t\t\t\t\t\t\t\t\t<a href=\"http:\/\/projekti.imi.hr\/fetalexpo\/wp-content\/uploads\/sites\/12\/2026\/07\/Doktor-u-kuci_sijecanj-2026.pdf\">\n\t\t\t\t\t\t\t<img decoding=\"async\" width=\"493\" height=\"568\" src=\"https:\/\/projekti.imi.hr\/fetalexpo\/wp-content\/uploads\/sites\/12\/2026\/07\/Doktor-u-kuci.jpg\" class=\"attachment-large size-large wp-image-515\" alt=\"\" srcset=\"https:\/\/projekti.imi.hr\/fetalexpo\/wp-content\/uploads\/sites\/12\/2026\/07\/Doktor-u-kuci.jpg 493w, https:\/\/projekti.imi.hr\/fetalexpo\/wp-content\/uploads\/sites\/12\/2026\/07\/Doktor-u-kuci-260x300.jpg 260w\" sizes=\"(max-width: 493px) 100vw, 493px\" \/>\t\t\t\t\t\t\t\t<\/a>\n\t\t\t\t\t\t\t\t\t\t\t\t\t\t\t<\/div>\n\t\t\t\t\t<\/div>\n\t\t\t\t<\/div>\n\t\t\t\t<\/div>\n\t\t","protected":false},"excerpt":{"rendered":"<p>Predstavljen projekt FetalExpo na 7.&nbsp;WorkIn\u2019 Science &#8211; WISe, Danu karijera&nbsp;na Prirodoslovno-matemati\u010dkom fakultetu Sveu\u010dili\u0161ta u Zagrebu, 11. o\u017eujka 2026. godine (letak) Predstojnica Zavoda za medicinu rada i okoli\u0161a prim. dr. sc. Jelena Macan predstavila je projekt FetalExpo u okviru \u010dlanka Medicina u zamahu: \u0160to nas o\u010dekuje u 2026. godini objavljenog u \u010dasopisu Doktor u ku\u0107i<\/p>\n","protected":false},"author":28,"featured_media":0,"parent":0,"menu_order":0,"comment_status":"closed","ping_status":"closed","template":"elementor_header_footer","meta":{"footnotes":""},"class_list":["post-29","page","type-page","status-publish","hentry","entry"],"_links":{"self":[{"href":"https:\/\/projekti.imi.hr\/fetalexpo\/wp-json\/wp\/v2\/pages\/29","targetHints":{"allow":["GET"]}}],"collection":[{"href":"https:\/\/projekti.imi.hr\/fetalexpo\/wp-json\/wp\/v2\/pages"}],"about":[{"href":"https:\/\/projekti.imi.hr\/fetalexpo\/wp-json\/wp\/v2\/types\/page"}],"author":[{"embeddable":true,"href":"https:\/\/projekti.imi.hr\/fetalexpo\/wp-json\/wp\/v2\/users\/28"}],"replies":[{"embeddable":true,"href":"https:\/\/projekti.imi.hr\/fetalexpo\/wp-json\/wp\/v2\/comments?post=29"}],"version-history":[{"count":13,"href":"https:\/\/projekti.imi.hr\/fetalexpo\/wp-json\/wp\/v2\/pages\/29\/revisions"}],"predecessor-version":[{"id":591,"href":"https:\/\/projekti.imi.hr\/fetalexpo\/wp-json\/wp\/v2\/pages\/29\/revisions\/591"}],"wp:attachment":[{"href":"https:\/\/projekti.imi.hr\/fetalexpo\/wp-json\/wp\/v2\/media?parent=29"}],"curies":[{"name":"wp","href":"https:\/\/api.w.org\/{rel}","templated":true}]}}