{"id":86,"date":"2024-01-29T22:22:44","date_gmt":"2024-01-29T21:22:44","guid":{"rendered":"http:\/\/environpolluthealth.000.pe\/?page_id=78"},"modified":"2025-10-28T11:23:43","modified_gmt":"2025-10-28T11:23:43","slug":"projektni-tim","status":"publish","type":"page","link":"https:\/\/projekti.imi.hr\/environpolluthealth\/?page_id=86","title":{"rendered":"Projektni tim"},"content":{"rendered":"\n<div class=\"wp-block-columns is-layout-flex wp-container-core-columns-is-layout-9d6595d7 wp-block-columns-is-layout-flex\">\n<div class=\"wp-block-column is-layout-flow wp-block-column-is-layout-flow\" style=\"flex-basis:100%\">\n<p class=\"has-text-align-center has-medium-font-size\">Multidisciplinarni istra\u017eiva\u010dki tim s iskustvom u podru\u010dju prirodnih, biomedicinskih, biotehni\u010dkih i ra\u010dunalno-informacijskih znanosti \u010dini &gt;30 znanstvenika (21 iz IMI-ja) iz triju javnih sveu\u010dili\u0161ta (Zagreb i Zadar, Hrvatska i Beograd, Srbija) i dvaju znanstvenoistra\u017eiva\u010dkih instituta iz Zagreba te suradnika iz javne ustanove u Karlovcu.<\/p>\n<\/div>\n<\/div>\n\n\n\n<div class=\"wp-block-group alignfull has-background\" style=\"background-color:#609ac061;margin-top:0;margin-bottom:0;padding-top:var(--wp--preset--spacing--50);padding-right:var(--wp--preset--spacing--50);padding-bottom:var(--wp--preset--spacing--50);padding-left:var(--wp--preset--spacing--50)\"><div class=\"wp-block-group__inner-container is-layout-constrained wp-container-core-group-is-layout-2bafd31c wp-block-group-is-layout-constrained\">\n<div class=\"wp-block-group is-vertical is-content-justification-center is-layout-flex wp-container-core-group-is-layout-7681721f wp-block-group-is-layout-flex\">\n<h2 class=\"wp-block-heading has-text-align-center is-style-default\"><strong>Nositelj<\/strong><\/h2>\n\n\n\n<figure class=\"wp-block-image size-full is-resized wp-duotone-unset-1\"><img fetchpriority=\"high\" decoding=\"async\" width=\"600\" height=\"600\" src=\"http:\/\/projekti.imi.hr\/environpolluthealth\/wp-content\/uploads\/sites\/3\/2024\/02\/znak-pozitiv-1.png\" alt=\"\" class=\"wp-image-584\" style=\"width:156px;height:auto\" srcset=\"https:\/\/projekti.imi.hr\/environpolluthealth\/wp-content\/uploads\/sites\/3\/2024\/02\/znak-pozitiv-1.png 600w, https:\/\/projekti.imi.hr\/environpolluthealth\/wp-content\/uploads\/sites\/3\/2024\/02\/znak-pozitiv-1-300x300.png 300w, https:\/\/projekti.imi.hr\/environpolluthealth\/wp-content\/uploads\/sites\/3\/2024\/02\/znak-pozitiv-1-150x150.png 150w, https:\/\/projekti.imi.hr\/environpolluthealth\/wp-content\/uploads\/sites\/3\/2024\/02\/znak-pozitiv-1-225x225.png 225w\" sizes=\"(max-width: 600px) 100vw, 600px\" \/><\/figure>\n\n\n\n<p class=\"has-text-align-center\"><a href=\"https:\/\/www.imi.hr\/hr\/jedinica\/zavod-za-higijenu-okolisa\/\" target=\"_blank\" rel=\"noreferrer noopener\">Zavod za higijenu okoli\u0161a<\/a>, <br>Institut za medicinska istra\u017eivanja i medicinu rada, Zagreb<\/p>\n\n\n\n<div style=\"margin-top:0;margin-bottom:0;height:32px\" aria-hidden=\"true\" class=\"wp-block-spacer wp-container-content-dee2fb34\"><\/div>\n<\/div>\n\n\n\n<div class=\"wp-block-group is-vertical is-content-justification-center is-layout-flex wp-container-core-group-is-layout-7681721f wp-block-group-is-layout-flex\">\n<h2 class=\"wp-block-heading has-text-align-center is-style-asterisk has-body-font-family has-medium-font-size\" style=\"font-style:normal;font-weight:600\"><strong>Voditelj projekta:<\/strong><\/h2>\n\n\n\n<hr class=\"wp-block-separator has-alpha-channel-opacity\" \/>\n\n\n\n<div style=\"margin-top:0;margin-bottom:0;height:31px\" aria-hidden=\"true\" class=\"wp-block-spacer wp-container-content-38cd910e\"><\/div>\n\n\n\n<p>dr. sc. <a href=\"https:\/\/www.imi.hr\/hr\/djelatnik\/herceg-romanic-snjezana\/\" target=\"_blank\" rel=\"noreferrer noopener\">Snje\u017eana Herceg Romani\u0107<\/a>, znanstveni savjetnik u trajnom izboru<\/p>\n<\/div>\n\n\n\n<div style=\"margin-top:0;margin-bottom:0;height:38px\" aria-hidden=\"true\" class=\"wp-block-spacer\"><\/div>\n\n\n\n<div class=\"wp-block-group is-vertical is-content-justification-center is-layout-flex wp-container-core-group-is-layout-7681721f wp-block-group-is-layout-flex\">\n<h2 class=\"wp-block-heading has-text-align-center is-style-asterisk has-body-font-family has-medium-font-size\" style=\"font-style:normal;font-weight:600\"><strong>Suradnici:<\/strong><\/h2>\n\n\n\n<hr class=\"wp-block-separator has-alpha-channel-opacity\" \/>\n\n\n\n<div style=\"margin-top:0;margin-bottom:0;height:31px\" aria-hidden=\"true\" class=\"wp-block-spacer wp-container-content-38cd910e\"><\/div>\n<\/div>\n\n\n\n<div class=\"wp-block-columns alignwide is-layout-flex wp-container-core-columns-is-layout-2aabe216 wp-block-columns-is-layout-flex\">\n<div class=\"wp-block-column is-layout-flow wp-block-column-is-layout-flow\">\n<p class=\"has-text-align-center\">naslovni izv. prof. dr. sc.: <a href=\"https:\/\/www.imi.hr\/hr\/djelatnik\/pehnec-gordana\/\" target=\"_blank\" rel=\"noreferrer noopener\">Gordana Pehnec<\/a>, <br>znanstveni savjetnik u trajnom izboru<br>predstojnik Zavoda<\/p>\n<\/div>\n\n\n\n<div class=\"wp-block-column is-layout-flow wp-block-column-is-layout-flow\">\n<p class=\"has-text-align-center\">dr. sc. <a href=\"https:\/\/www.imi.hr\/hr\/djelatnik\/beslic-ivan\/\" target=\"_blank\" rel=\"noreferrer noopener\">Ivan Be\u0161li\u0107<\/a>, <br>znanstveni savjetnik<\/p>\n<\/div>\n\n\n\n<div class=\"wp-block-column is-layout-flow wp-block-column-is-layout-flow\">\n<p class=\"has-text-align-center\">dr. sc. <a href=\"https:\/\/www.imi.hr\/hr\/djelatnik\/martina-biosic\/\" data-type=\"link\" data-id=\"https:\/\/www.imi.hr\/hr\/djelatnik\/martina-biosic\/\">Martina Bio\u0161i\u0107<\/a>, <br>znanstveni suradnik<\/p>\n<\/div>\n<\/div>\n\n\n\n<div class=\"wp-block-columns alignwide is-layout-flex wp-container-core-columns-is-layout-2aabe216 wp-block-columns-is-layout-flex\">\n<div class=\"wp-block-column is-layout-flow wp-block-column-is-layout-flow\">\n<p class=\"has-text-align-center\">dr. sc. <a href=\"https:\/\/www.imi.hr\/hr\/djelatnik\/godec-ranka\/\" target=\"_blank\" rel=\"noreferrer noopener\">Ranka Godec<\/a>, <br>vi\u0161i znanstveni suradnik<\/p>\n<\/div>\n\n\n\n<div class=\"wp-block-column is-layout-flow wp-block-column-is-layout-flow\">\n<p class=\"has-text-align-center\">dr. sc. <a href=\"https:\/\/www.imi.hr\/hr\/djelatnik\/klincic-darija\/\" target=\"_blank\" rel=\"noreferrer noopener\">Darija Klin\u010di\u0107<\/a>, <br>vi\u0161i znanstveni suradnik<\/p>\n<\/div>\n\n\n\n<div class=\"wp-block-column is-layout-flow wp-block-column-is-layout-flow\">\n<p class=\"has-text-align-center\">dr. sc. <a href=\"https:\/\/www.imi.hr\/hr\/djelatnik\/mendas-starcevic-gordana\/\" target=\"_blank\" rel=\"noreferrer noopener\">Gordana Menda\u0161 Star\u010devi\u0107<\/a>, <br>vi\u0161i znanstveni suradnik<\/p>\n<\/div>\n<\/div>\n\n\n\n<div class=\"wp-block-columns alignwide is-layout-flex wp-container-core-columns-is-layout-2aabe216 wp-block-columns-is-layout-flex\">\n<div class=\"wp-block-column is-layout-flow wp-block-column-is-layout-flow\">\n<p class=\"has-text-align-center\">naslovni doc. dr. sc. <a href=\"https:\/\/www.imi.hr\/hr\/djelatnik\/stipicevic-sanja\/\" target=\"_blank\" rel=\"noreferrer noopener\">Sanja Stipi\u010devi\u0107<\/a>, <br>vi\u0161i znanstveni suradnik<\/p>\n<\/div>\n\n\n\n<div class=\"wp-block-column is-layout-flow wp-block-column-is-layout-flow\">\n<p class=\"has-text-align-center\">dr. sc. <a href=\"https:\/\/www.imi.hr\/hr\/djelatnik\/zuzul-silva\/\" target=\"_blank\" rel=\"noreferrer noopener\">Silva \u017du\u017eul<\/a>, <br>vi\u0161i znanstveni suradnik<\/p>\n<\/div>\n\n\n\n<div class=\"wp-block-column is-layout-flow wp-block-column-is-layout-flow\">\n<p class=\"has-text-align-center\">naslovni doc.dr. sc. <a href=\"https:\/\/www.imi.hr\/hr\/djelatnik\/davila-silvije\/\" target=\"_blank\" rel=\"noreferrer noopener\">Silvije Davila<\/a>, <br>znanstveni suradnik<\/p>\n<\/div>\n<\/div>\n\n\n\n<div class=\"wp-block-columns alignwide is-layout-flex wp-container-core-columns-is-layout-2aabe216 wp-block-columns-is-layout-flex\">\n<div class=\"wp-block-column is-layout-flow wp-block-column-is-layout-flow\">\n<p class=\"has-text-align-center\">dr. sc. <a href=\"https:\/\/www.imi.hr\/hr\/djelatnik\/dvorscak-marija\/\" target=\"_blank\" rel=\"noreferrer noopener\">Marija Dvor\u0161\u0107ak<\/a>, <br>znanstveni suradnik<\/p>\n<\/div>\n\n\n\n<div class=\"wp-block-column is-layout-flow wp-block-column-is-layout-flow\">\n<p class=\"has-text-align-center\">dr. sc. <a href=\"https:\/\/www.imi.hr\/hr\/djelatnik\/ivana-jakovljevic\/\" target=\"_blank\" rel=\"noreferrer noopener\">Ivana Jakovljevi\u0107<\/a>, <br>znanstveni suradnik<\/p>\n<\/div>\n\n\n\n<div class=\"wp-block-column is-layout-flow wp-block-column-is-layout-flow\">\n<p class=\"has-text-align-center\">dr. sc. <a href=\"https:\/\/www.imi.hr\/hr\/djelatnik\/rinkovec-jasmina\/\" target=\"_blank\" rel=\"noreferrer noopener\">Jasmina Rinkovec<\/a>, <br>znanstveni suradnik<\/p>\n<\/div>\n<\/div>\n\n\n\n<div class=\"wp-block-columns alignwide is-layout-flex wp-container-core-columns-is-layout-2aabe216 wp-block-columns-is-layout-flex\">\n<div class=\"wp-block-column is-layout-flow wp-block-column-is-layout-flow\">\n<p class=\"has-text-align-center\">dr. sc. <a href=\"https:\/\/www.imi.hr\/hr\/djelatnik\/karla-jagic\/\" target=\"_blank\" rel=\"noreferrer noopener\">Karla Jagi\u0107<\/a>, <br>poslijedoktorand<\/p>\n<\/div>\n\n\n\n<div class=\"wp-block-column is-layout-flow wp-block-column-is-layout-flow\">\n<p class=\"has-text-align-center\">dr. sc. <a href=\"https:\/\/www.imi.hr\/hr\/djelatnik\/suzana-sopcic\/\" target=\"_blank\" rel=\"noreferrer noopener\">Suzana Sop\u010di\u0107<\/a>, <br>znanstveni suradnik<\/p>\n<\/div>\n\n\n\n<div class=\"wp-block-column is-layout-flow wp-block-column-is-layout-flow\">\n<p class=\"has-text-align-center\"><a href=\"https:\/\/www.imi.hr\/hr\/djelatnik\/gluscic-valentina\/\" target=\"_blank\" rel=\"noreferrer noopener\">Valentina Glu\u0161\u010di\u0107<\/a>, <br>stru\u010dni suradnik u sustavu znanosti<\/p>\n<\/div>\n<\/div>\n\n\n\n<div class=\"wp-block-columns alignwide is-layout-flex wp-container-core-columns-is-layout-2aabe216 wp-block-columns-is-layout-flex\">\n<div class=\"wp-block-column is-layout-flow wp-block-column-is-layout-flow\">\n<p class=\"has-text-align-center\"><a href=\"https:\/\/www.imi.hr\/hr\/djelatnik\/nikolina-racic\/\" target=\"_blank\" rel=\"noreferrer noopener\">Nikolina Ra\u010di\u0107<\/a>, <br>stru\u010dni suradnik u sustavu znanosti<\/p>\n<\/div>\n\n\n\n<div class=\"wp-block-column is-layout-flow wp-block-column-is-layout-flow\">\n<p class=\"has-text-align-center\"><a href=\"https:\/\/www.imi.hr\/hr\/djelatnik\/sever-strukil-zdravka\/\" target=\"_blank\" rel=\"noreferrer noopener\">Zdravka Sever \u0160trukil<\/a>, <br>stru\u010dni suradnik u sustavu znanosti<\/p>\n<\/div>\n\n\n\n<div class=\"wp-block-column is-layout-flow wp-block-column-is-layout-flow\">\n<p class=\"has-text-align-center\">dr. sc. <a href=\"https:\/\/www.imi.hr\/hr\/djelatnik\/simic-iva\/\" target=\"_blank\" rel=\"noreferrer noopener\">Iva Smoljo<\/a><br>poslijedoktorand<\/p>\n\n\n\n<p class=\"has-text-align-center\"><\/p>\n\n\n\n<p><br><br><br><\/p>\n\n\n\n<p><\/p>\n\n\n\n<p><\/p>\n\n\n\n<p class=\"has-text-align-center\">Doktorandi:<br><a href=\"https:\/\/www.imi.hr\/hr\/djelatnik\/tajana-horvat\/\" target=\"_blank\" rel=\"noreferrer noopener\">Tajana Horvat<\/a>, <br><a href=\"https:\/\/www.imi.hr\/hr\/djelatnik\/marija-jelena-lovric\/\" target=\"_blank\" rel=\"noreferrer noopener\">Marija Jelena Lovri\u0107 \u0160tefi\u010dek<\/a> <br><\/p>\n<\/div>\n<\/div>\n\n\n\n<div style=\"height:49px\" aria-hidden=\"true\" class=\"wp-block-spacer\"><\/div>\n<\/div><\/div>\n\n\n\n<div class=\"wp-block-group has-white-background-color has-background\"><div class=\"wp-block-group__inner-container is-layout-constrained wp-block-group-is-layout-constrained\">\n<div class=\"wp-block-group is-vertical is-content-justification-center is-layout-flex wp-container-core-group-is-layout-7681721f wp-block-group-is-layout-flex\">\n<div style=\"margin-top:0;margin-bottom:0;height:31px\" aria-hidden=\"true\" class=\"wp-block-spacer wp-container-content-38cd910e\"><\/div>\n\n\n\n<h2 class=\"wp-block-heading has-text-align-center is-style-asterisk has-body-font-family has-medium-font-size\" style=\"font-style:normal;font-weight:600\"><strong>Suradne ustanove:<\/strong><\/h2>\n\n\n\n<hr class=\"wp-block-separator has-alpha-channel-opacity\" \/>\n\n\n\n<div style=\"margin-top:0;margin-bottom:0;height:31px\" aria-hidden=\"true\" class=\"wp-block-spacer wp-container-content-38cd910e\"><\/div>\n<\/div>\n\n\n\n<div class=\"wp-block-group is-vertical is-content-justification-center is-layout-flex wp-container-core-group-is-layout-4b2eccd6 wp-block-group-is-layout-flex\">\n<p class=\"has-text-align-center has-medium-font-size\"><strong>Sveu\u010dili\u0161te u Beogradu, Beograd, Srbija<\/strong><\/p>\n\n\n<div class=\"wp-block-image\">\n<figure class=\"aligncenter size-full is-resized\"><img decoding=\"async\" width=\"225\" height=\"225\" src=\"http:\/\/projekti.imi.hr\/environpolluthealth\/wp-content\/uploads\/sites\/3\/2024\/02\/HF-Beograd.png\" alt=\"\" class=\"wp-image-604\" style=\"width:auto;height:90px\" srcset=\"https:\/\/projekti.imi.hr\/environpolluthealth\/wp-content\/uploads\/sites\/3\/2024\/02\/HF-Beograd.png 225w, https:\/\/projekti.imi.hr\/environpolluthealth\/wp-content\/uploads\/sites\/3\/2024\/02\/HF-Beograd-150x150.png 150w\" sizes=\"(max-width: 225px) 100vw, 225px\" \/><\/figure>\n<\/div>\n\n\n<p class=\"has-text-align-center\"><a href=\"https:\/\/www.chem.bg.ac.rs\/primenjena\/index-en.html\" target=\"_blank\" rel=\"noreferrer noopener\">Katedra za primenjenu hemiju, Hemijski fakultet<\/a><\/p>\n\n\n\n<p class=\"has-text-align-center\">Suradnici: <br>prof. dr. sc. Aleksandar Popovi\u0107 <br>izv. prof. dr. sc. Dubravka Reli\u0107<\/p>\n\n\n<div class=\"wp-block-image is-style-default\">\n<figure class=\"aligncenter size-full is-resized\"><img decoding=\"async\" width=\"225\" height=\"225\" src=\"http:\/\/projekti.imi.hr\/environpolluthealth\/wp-content\/uploads\/sites\/3\/2024\/02\/logo-Institut-fizike-Beograd.png\" alt=\"\" class=\"wp-image-607\" style=\"width:auto;height:90px\" srcset=\"https:\/\/projekti.imi.hr\/environpolluthealth\/wp-content\/uploads\/sites\/3\/2024\/02\/logo-Institut-fizike-Beograd.png 225w, https:\/\/projekti.imi.hr\/environpolluthealth\/wp-content\/uploads\/sites\/3\/2024\/02\/logo-Institut-fizike-Beograd-150x150.png 150w\" sizes=\"(max-width: 225px) 100vw, 225px\" \/><\/figure>\n<\/div>\n\n\n<p class=\"has-text-align-center\"><a href=\"https:\/\/www.ipb.ac.rs\/en\/home-en\/\" target=\"_blank\" rel=\"noreferrer noopener\">Laboratorija za fiziku \u017eivotne sredine, Institut za fiziku Beograd,<\/a><\/p>\n\n\n\n<p class=\"has-text-align-center\">Suradnici: <br>dr. sc. Tijana Mili\u0107evi\u0107 <br>dr. sc. Gordana Jovanovi\u0107<\/p>\n<\/div>\n\n\n\n<hr class=\"wp-block-separator has-alpha-channel-opacity\" \/>\n\n\n\n<div class=\"wp-block-group alignwide is-vertical is-content-justification-center is-layout-flex wp-container-core-group-is-layout-4b2eccd6 wp-block-group-is-layout-flex\">\n<p class=\"has-text-align-center has-medium-font-size\"><strong>Sveu\u010dili\u0161te u Zadru, Zadar, Hrvatska<\/strong><\/p>\n\n\n<div class=\"wp-block-image\">\n<figure class=\"aligncenter size-full is-resized\"><img loading=\"lazy\" decoding=\"async\" width=\"550\" height=\"385\" src=\"http:\/\/projekti.imi.hr\/environpolluthealth\/wp-content\/uploads\/sites\/3\/2024\/02\/sveuciliste-zadar.jpg\" alt=\"\" class=\"wp-image-601\" style=\"width:auto;height:90px\" srcset=\"https:\/\/projekti.imi.hr\/environpolluthealth\/wp-content\/uploads\/sites\/3\/2024\/02\/sveuciliste-zadar.jpg 550w, https:\/\/projekti.imi.hr\/environpolluthealth\/wp-content\/uploads\/sites\/3\/2024\/02\/sveuciliste-zadar-300x210.jpg 300w\" sizes=\"(max-width: 550px) 100vw, 550px\" \/><\/figure>\n<\/div>\n\n\n<p class=\"has-text-align-center\"><a href=\"https:\/\/zdravstvo.unizd.hr\/\" target=\"_blank\" rel=\"noreferrer noopener\">Odjel za zdravstvene studije<\/a><\/p>\n\n\n\n<p class=\"has-text-align-center\">Suradnik: <br>prof. dr. sc. Marijana Matek Sari\u0107<\/p>\n\n\n<div class=\"wp-block-image\">\n<figure class=\"aligncenter size-full is-resized\"><img loading=\"lazy\" decoding=\"async\" width=\"550\" height=\"385\" src=\"http:\/\/projekti.imi.hr\/environpolluthealth\/wp-content\/uploads\/sites\/3\/2024\/02\/sveuciliste-zadar.jpg\" alt=\"\" class=\"wp-image-601\" style=\"width:auto;height:90px\" srcset=\"https:\/\/projekti.imi.hr\/environpolluthealth\/wp-content\/uploads\/sites\/3\/2024\/02\/sveuciliste-zadar.jpg 550w, https:\/\/projekti.imi.hr\/environpolluthealth\/wp-content\/uploads\/sites\/3\/2024\/02\/sveuciliste-zadar-300x210.jpg 300w\" sizes=\"(max-width: 550px) 100vw, 550px\" \/><\/figure>\n<\/div>\n\n\n<p class=\"has-text-align-center\"><a href=\"https:\/\/eaa.unizd.hr\/\">Odjel za ekologiju, agronomiju i akvakulturu<\/a><\/p>\n\n\n\n<p class=\"has-text-align-center\">Suradnici: <br>dr. sc. Slavica \u010colak <br>dr. sc. Bosiljka Musta\u0107<\/p>\n<\/div>\n\n\n\n<hr class=\"wp-block-separator has-alpha-channel-opacity\" \/>\n\n\n\n<div class=\"wp-block-group alignwide\"><div class=\"wp-block-group__inner-container is-layout-constrained wp-block-group-is-layout-constrained\">\n<p class=\"has-text-align-center has-medium-font-size\"><strong>Sveu\u010dili\u0161te u Zagrebu, Zagreb, Hrvatska<\/strong><\/p>\n\n\n\n<div class=\"wp-block-group is-vertical is-content-justification-center is-layout-flex wp-container-core-group-is-layout-4b2eccd6 wp-block-group-is-layout-flex\"><div class=\"wp-block-image is-style-default\">\n<figure data-wp-context=\"{&quot;imageId&quot;:&quot;69f4e78e3d712&quot;}\" data-wp-interactive=\"core\/image\" data-wp-key=\"69f4e78e3d712\" class=\"aligncenter size-full is-resized wp-lightbox-container\"><img loading=\"lazy\" decoding=\"async\" width=\"1024\" height=\"500\" data-wp-class--hide=\"state.isContentHidden\" data-wp-class--show=\"state.isContentVisible\" data-wp-init=\"callbacks.setButtonStyles\" data-wp-on--click=\"actions.showLightbox\" data-wp-on--load=\"callbacks.setButtonStyles\" data-wp-on-window--resize=\"callbacks.setButtonStyles\" src=\"https:\/\/projekti.imi.hr\/environpolluthealth\/wp-content\/uploads\/sites\/3\/2024\/02\/sveuciliste-zagreb-AF.jpg\" alt=\"\" class=\"wp-image-602\" style=\"width:auto;height:90px\" srcset=\"https:\/\/projekti.imi.hr\/environpolluthealth\/wp-content\/uploads\/sites\/3\/2024\/02\/sveuciliste-zagreb-AF.jpg 1024w, https:\/\/projekti.imi.hr\/environpolluthealth\/wp-content\/uploads\/sites\/3\/2024\/02\/sveuciliste-zagreb-AF-300x146.jpg 300w, https:\/\/projekti.imi.hr\/environpolluthealth\/wp-content\/uploads\/sites\/3\/2024\/02\/sveuciliste-zagreb-AF-768x375.jpg 768w\" sizes=\"(max-width: 1024px) 100vw, 1024px\" \/><button\n\t\t\tclass=\"lightbox-trigger\"\n\t\t\ttype=\"button\"\n\t\t\taria-haspopup=\"dialog\"\n\t\t\taria-label=\"Enlarge\"\n\t\t\tdata-wp-init=\"callbacks.initTriggerButton\"\n\t\t\tdata-wp-on--click=\"actions.showLightbox\"\n\t\t\tdata-wp-style--right=\"state.imageButtonRight\"\n\t\t\tdata-wp-style--top=\"state.imageButtonTop\"\n\t\t>\n\t\t\t<svg xmlns=\"http:\/\/www.w3.org\/2000\/svg\" width=\"12\" height=\"12\" fill=\"none\" viewBox=\"0 0 12 12\">\n\t\t\t\t<path fill=\"#fff\" d=\"M2 0a2 2 0 0 0-2 2v2h1.5V2a.5.5 0 0 1 .5-.5h2V0H2Zm2 10.5H2a.5.5 0 0 1-.5-.5V8H0v2a2 2 0 0 0 2 2h2v-1.5ZM8 12v-1.5h2a.5.5 0 0 0 .5-.5V8H12v2a2 2 0 0 1-2 2H8Zm2-12a2 2 0 0 1 2 2v2h-1.5V2a.5.5 0 0 0-.5-.5H8V0h2Z\" \/>\n\t\t\t<\/svg>\n\t\t<\/button><\/figure>\n<\/div>\n\n\n<p class=\"has-text-align-center\"><a href=\"https:\/\/www.agr.unizg.hr\/hr\/group\/222\/Zavod+za+op%C4%87u+proizvodnju+bilja\">Zavod za op\u0107u proizvodnju bilja, Agronomski fakultet<\/a><\/p>\n\n\n\n<p class=\"has-text-align-center\">Suradnik: <br>prof. dr. sc. \u017deljka Zgorelec<\/p>\n\n\n<div class=\"wp-block-image\">\n<figure class=\"aligncenter size-full is-resized\"><img loading=\"lazy\" decoding=\"async\" width=\"1024\" height=\"500\" src=\"https:\/\/projekti.imi.hr\/environpolluthealth\/wp-content\/uploads\/sites\/3\/2024\/02\/sveuciliste-zagreb-AF.jpg\" alt=\"\" class=\"wp-image-602\" style=\"width:auto;height:90px\" srcset=\"https:\/\/projekti.imi.hr\/environpolluthealth\/wp-content\/uploads\/sites\/3\/2024\/02\/sveuciliste-zagreb-AF.jpg 1024w, https:\/\/projekti.imi.hr\/environpolluthealth\/wp-content\/uploads\/sites\/3\/2024\/02\/sveuciliste-zagreb-AF-300x146.jpg 300w, https:\/\/projekti.imi.hr\/environpolluthealth\/wp-content\/uploads\/sites\/3\/2024\/02\/sveuciliste-zagreb-AF-768x375.jpg 768w\" sizes=\"(max-width: 1024px) 100vw, 1024px\" \/><\/figure>\n<\/div>\n\n\n<p class=\"has-text-align-center\"><a href=\"https:\/\/www.agr.unizg.hr\/hr\/group\/217\/Zavod+za+melioracije\">Zavod za melioracije, Agronomski fakultet<\/a><\/p>\n\n\n\n<p class=\"has-text-align-center\">Suradnik: <br>prof. dr. sc. Gabrijel Ondra\u0161ek<\/p>\n\n\n<div class=\"wp-block-image\">\n<figure class=\"aligncenter size-full is-resized\"><img loading=\"lazy\" decoding=\"async\" width=\"500\" height=\"505\" src=\"https:\/\/projekti.imi.hr\/environpolluthealth\/wp-content\/uploads\/sites\/3\/2024\/02\/sumarstvo.png\" alt=\"\" class=\"wp-image-606\" style=\"width:auto;height:90px\" srcset=\"https:\/\/projekti.imi.hr\/environpolluthealth\/wp-content\/uploads\/sites\/3\/2024\/02\/sumarstvo.png 500w, https:\/\/projekti.imi.hr\/environpolluthealth\/wp-content\/uploads\/sites\/3\/2024\/02\/sumarstvo-297x300.png 297w\" sizes=\"(max-width: 500px) 100vw, 500px\" \/><\/figure>\n<\/div>\n\n\n<p class=\"has-text-align-center\"><a href=\"https:\/\/www.sumfak.unizg.hr\/hr\/drvno-tehnoloski-odsjek\/zavod-za-procesne-tehnike\/\" target=\"_blank\" rel=\"noreferrer noopener\">Zavod za procesne tehnike<\/a>, <a href=\"https:\/\/www.sumfak.unizg.hr\/hr\/drvno-tehnoloski-odsjek\/zavod-za-procesne-tehnike\/\" data-type=\"link\" data-id=\"https:\/\/www.sumfak.unizg.hr\/hr\/drvno-tehnoloski-odsjek\/zavod-za-procesne-tehnike\/\">Fakultet \u0161umarstva i drvne tehnologije <\/a><\/p>\n\n\n\n<p class=\"has-text-align-center\">Suradnik: <br>prof. dr. sc. Anka Ozana \u010cavlovi\u0107<\/p>\n\n\n<div class=\"wp-block-image\">\n<figure class=\"aligncenter size-full is-resized wp-container-content-4a1b9b5a\"><img loading=\"lazy\" decoding=\"async\" width=\"217\" height=\"216\" src=\"https:\/\/projekti.imi.hr\/environpolluthealth\/wp-content\/uploads\/sites\/3\/2024\/02\/RGN.png\" alt=\"\" class=\"wp-image-608\" style=\"width:auto;height:90px\" srcset=\"https:\/\/projekti.imi.hr\/environpolluthealth\/wp-content\/uploads\/sites\/3\/2024\/02\/RGN.png 217w, https:\/\/projekti.imi.hr\/environpolluthealth\/wp-content\/uploads\/sites\/3\/2024\/02\/RGN-150x150.png 150w\" sizes=\"(max-width: 217px) 100vw, 217px\" \/><\/figure>\n<\/div>\n\n\n<p class=\"has-text-align-center wp-container-content-4a1b9b5a\"><a href=\"https:\/\/www.rgn.unizg.hr\/hr\/o-fakultetu\/zavodi-i-katedre\/zavod-za-mineralogiju-petrologiju-i-mineralne-sirovine\" target=\"_blank\" rel=\"noreferrer noopener\">Zavod za mineralogiju, petrologiju i mineralne sirovine<\/a>, <a href=\"https:\/\/www.rgn.unizg.hr\/hr\/o-fakultetu\/zavodi-i-katedre\/zavod-za-mineralogiju-petrologiju-i-mineralne-sirovine\" data-type=\"link\" data-id=\"https:\/\/www.rgn.unizg.hr\/hr\/o-fakultetu\/zavodi-i-katedre\/zavod-za-mineralogiju-petrologiju-i-mineralne-sirovine\">Rudarsko-geolo\u0161ko-naftni fakultet<\/a> <\/p>\n\n\n\n<p class=\"has-text-align-center wp-container-content-4a1b9b5a\">Suradnik: <br>izv. prof. dr. sc. Stanko Ru\u017ei\u010di\u0107<\/p>\n\n\n\n<div style=\"height:0px\" aria-hidden=\"true\" class=\"wp-block-spacer wp-container-content-4a1b9b5a\"><\/div>\n<\/div>\n<\/div><\/div>\n\n\n\n<hr class=\"wp-block-separator has-alpha-channel-opacity\" \/>\n\n\n\n<div class=\"wp-block-group alignwide is-vertical is-content-justification-center is-layout-flex wp-container-core-group-is-layout-4b2eccd6 wp-block-group-is-layout-flex\"><div class=\"wp-block-image wp-duotone-unset-2\">\n<figure class=\"aligncenter size-full\"><img loading=\"lazy\" decoding=\"async\" width=\"208\" height=\"80\" src=\"http:\/\/projekti.imi.hr\/environpolluthealth\/wp-content\/uploads\/sites\/3\/2024\/02\/institut_logo_negativ_header_h80.png\" alt=\"\" class=\"wp-image-605\" \/><\/figure>\n<\/div>\n\n\n<p class=\"has-text-align-center\"><strong>Institut za antropologiju, Zagreb<\/strong><\/p>\n\n\n\n<p class=\"has-text-align-center\"><a href=\"https:\/\/inantro.hr\/laboratorij-za-kemijsku-analitiku\/\">Laboratorij za kemijsku i biomedicinsku informatiku<\/a><\/p>\n\n\n\n<p class=\"has-text-align-center\">Suradnik: <br>dr. sc. Mario Lovri\u0107<\/p>\n<\/div>\n\n\n\n<hr class=\"wp-block-separator has-alpha-channel-opacity\" \/>\n\n\n\n<div class=\"wp-block-group alignwide is-vertical is-content-justification-center is-layout-flex wp-container-core-group-is-layout-4b2eccd6 wp-block-group-is-layout-flex\"><div class=\"wp-block-image is-style-default\">\n<figure class=\"aligncenter size-full is-resized\"><img loading=\"lazy\" decoding=\"async\" width=\"1209\" height=\"490\" src=\"http:\/\/projekti.imi.hr\/environpolluthealth\/wp-content\/uploads\/sites\/3\/2024\/02\/Logotip-AQUATIKA-10.png\" alt=\"\" class=\"wp-image-617\" style=\"width:auto;height:90px\" srcset=\"https:\/\/projekti.imi.hr\/environpolluthealth\/wp-content\/uploads\/sites\/3\/2024\/02\/Logotip-AQUATIKA-10.png 1209w, https:\/\/projekti.imi.hr\/environpolluthealth\/wp-content\/uploads\/sites\/3\/2024\/02\/Logotip-AQUATIKA-10-300x122.png 300w, https:\/\/projekti.imi.hr\/environpolluthealth\/wp-content\/uploads\/sites\/3\/2024\/02\/Logotip-AQUATIKA-10-1024x415.png 1024w, https:\/\/projekti.imi.hr\/environpolluthealth\/wp-content\/uploads\/sites\/3\/2024\/02\/Logotip-AQUATIKA-10-768x311.png 768w\" sizes=\"(max-width: 1209px) 100vw, 1209px\" \/><\/figure>\n<\/div>\n\n\n<p class=\"has-text-align-center\"><strong><a href=\"https:\/\/www.aquariumkarlovac.com\/\">Javna ustanova Aquatika<\/a> <\/strong><\/p>\n\n\n\n<p class=\"has-text-align-center\"><strong> <\/strong>Slatkovodni akvarij Karlovac, Karlovac<\/p>\n\n\n\n<p class=\"has-text-align-center\">Suradnik: <br>dr. sc. Goran Jak\u0161i\u0107<\/p>\n\n\n\n<div style=\"height:0px\" aria-hidden=\"true\" class=\"wp-block-spacer wp-container-content-4a1b9b5a\"><\/div>\n<\/div>\n<\/div><\/div>\n","protected":false},"excerpt":{"rendered":"<p>Multidisciplinarni istra\u017eiva\u010dki tim s iskustvom u podru\u010dju prirodnih, biomedicinskih, biotehni\u010dkih i ra\u010dunalno-informacijskih znanosti \u010dini &gt;30 znanstvenika (21 iz IMI-ja) iz triju javnih sveu\u010dili\u0161ta (Zagreb i Zadar, Hrvatska i Beograd, Srbija) i dvaju znanstvenoistra\u017eiva\u010dkih instituta iz Zagreba te suradnika iz javne ustanove u Karlovcu. Nositelj Zavod za higijenu okoli\u0161a, Institut za medicinska istra\u017eivanja i medicinu rada, &hellip;<br \/><a href=\"https:\/\/projekti.imi.hr\/environpolluthealth\/?page_id=86\" class=\"more-link pen_button pen_element_default pen_icon_arrow_double\">Continue reading <span class=\"screen-reader-text\">Projektni tim<\/span><\/a><\/p>\n","protected":false},"author":13,"featured_media":0,"parent":84,"menu_order":0,"comment_status":"closed","ping_status":"closed","template":"","meta":{"footnotes":""},"class_list":["post-86","page","type-page","status-publish","hentry"],"_links":{"self":[{"href":"https:\/\/projekti.imi.hr\/environpolluthealth\/index.php?rest_route=\/wp\/v2\/pages\/86","targetHints":{"allow":["GET"]}}],"collection":[{"href":"https:\/\/projekti.imi.hr\/environpolluthealth\/index.php?rest_route=\/wp\/v2\/pages"}],"about":[{"href":"https:\/\/projekti.imi.hr\/environpolluthealth\/index.php?rest_route=\/wp\/v2\/types\/page"}],"author":[{"embeddable":true,"href":"https:\/\/projekti.imi.hr\/environpolluthealth\/index.php?rest_route=\/wp\/v2\/users\/13"}],"replies":[{"embeddable":true,"href":"https:\/\/projekti.imi.hr\/environpolluthealth\/index.php?rest_route=%2Fwp%2Fv2%2Fcomments&post=86"}],"version-history":[{"count":27,"href":"https:\/\/projekti.imi.hr\/environpolluthealth\/index.php?rest_route=\/wp\/v2\/pages\/86\/revisions"}],"predecessor-version":[{"id":1297,"href":"https:\/\/projekti.imi.hr\/environpolluthealth\/index.php?rest_route=\/wp\/v2\/pages\/86\/revisions\/1297"}],"up":[{"embeddable":true,"href":"https:\/\/projekti.imi.hr\/environpolluthealth\/index.php?rest_route=\/wp\/v2\/pages\/84"}],"wp:attachment":[{"href":"https:\/\/projekti.imi.hr\/environpolluthealth\/index.php?rest_route=%2Fwp%2Fv2%2Fmedia&parent=86"}],"curies":[{"name":"wp","href":"https:\/\/api.w.org\/{rel}","templated":true}]}}